{"id":14,"date":"2019-04-02T00:47:59","date_gmt":"2019-04-01T22:47:59","guid":{"rendered":"http:\/\/anandena.fr\/?page_id=14"},"modified":"2026-04-01T16:05:16","modified_gmt":"2026-04-01T14:05:16","slug":"les-cours","status":"publish","type":"page","link":"https:\/\/anandena.fr\/index.php\/les-cours\/","title":{"rendered":""},"content":{"rendered":"\n<figure class=\"wp-block-image alignfull size-large\"><img loading=\"lazy\" decoding=\"async\" width=\"1024\" height=\"205\" src=\"https:\/\/anandena.fr\/wp-content\/uploads\/2026\/04\/bandeau-7-1024x205.png\" alt=\"\" class=\"wp-image-2489\" srcset=\"https:\/\/anandena.fr\/wp-content\/uploads\/2026\/04\/bandeau-7-1024x205.png 1024w, https:\/\/anandena.fr\/wp-content\/uploads\/2026\/04\/bandeau-7-300x60.png 300w, https:\/\/anandena.fr\/wp-content\/uploads\/2026\/04\/bandeau-7-768x154.png 768w, https:\/\/anandena.fr\/wp-content\/uploads\/2026\/04\/bandeau-7-1536x307.png 1536w, https:\/\/anandena.fr\/wp-content\/uploads\/2026\/04\/bandeau-7-830x166.png 830w, https:\/\/anandena.fr\/wp-content\/uploads\/2026\/04\/bandeau-7-230x46.png 230w, https:\/\/anandena.fr\/wp-content\/uploads\/2026\/04\/bandeau-7-350x70.png 350w, https:\/\/anandena.fr\/wp-content\/uploads\/2026\/04\/bandeau-7-480x96.png 480w, https:\/\/anandena.fr\/wp-content\/uploads\/2026\/04\/bandeau-7.png 2000w\" sizes=\"auto, (max-width: 1024px) 100vw, 1024px\" \/><\/figure>\n\n\n<div class=\"wp-block-image\">\n<figure class=\"aligncenter size-large is-resized\"><img loading=\"lazy\" decoding=\"async\" width=\"1024\" height=\"724\" src=\"https:\/\/anandena.fr\/wp-content\/uploads\/2026\/04\/Planning-Anandena-3-1024x724.png\" alt=\"\" class=\"wp-image-2485\" style=\"width:737px;height:auto\" srcset=\"https:\/\/anandena.fr\/wp-content\/uploads\/2026\/04\/Planning-Anandena-3-1024x724.png 1024w, https:\/\/anandena.fr\/wp-content\/uploads\/2026\/04\/Planning-Anandena-3-300x212.png 300w, https:\/\/anandena.fr\/wp-content\/uploads\/2026\/04\/Planning-Anandena-3-768x543.png 768w, https:\/\/anandena.fr\/wp-content\/uploads\/2026\/04\/Planning-Anandena-3-1536x1086.png 1536w, https:\/\/anandena.fr\/wp-content\/uploads\/2026\/04\/Planning-Anandena-3-830x587.png 830w, https:\/\/anandena.fr\/wp-content\/uploads\/2026\/04\/Planning-Anandena-3-230x163.png 230w, https:\/\/anandena.fr\/wp-content\/uploads\/2026\/04\/Planning-Anandena-3-350x247.png 350w, https:\/\/anandena.fr\/wp-content\/uploads\/2026\/04\/Planning-Anandena-3-480x339.png 480w, https:\/\/anandena.fr\/wp-content\/uploads\/2026\/04\/Planning-Anandena-3.png 2000w\" sizes=\"auto, (max-width: 1024px) 100vw, 1024px\" \/><\/figure>\n<\/div>\n\n<div class=\"wp-block-image\">\n<figure class=\"aligncenter size-large is-resized\"><img loading=\"lazy\" decoding=\"async\" width=\"724\" height=\"1024\" src=\"https:\/\/anandena.fr\/wp-content\/uploads\/2026\/04\/Charte-des-eleves-\u2013-Anandena-724x1024.png\" alt=\"\" class=\"wp-image-2483\" style=\"aspect-ratio:0.7070411287102356;width:474px;height:auto\" srcset=\"https:\/\/anandena.fr\/wp-content\/uploads\/2026\/04\/Charte-des-eleves-\u2013-Anandena-724x1024.png 724w, https:\/\/anandena.fr\/wp-content\/uploads\/2026\/04\/Charte-des-eleves-\u2013-Anandena-212x300.png 212w, https:\/\/anandena.fr\/wp-content\/uploads\/2026\/04\/Charte-des-eleves-\u2013-Anandena-768x1086.png 768w, https:\/\/anandena.fr\/wp-content\/uploads\/2026\/04\/Charte-des-eleves-\u2013-Anandena-1086x1536.png 1086w, https:\/\/anandena.fr\/wp-content\/uploads\/2026\/04\/Charte-des-eleves-\u2013-Anandena-830x1174.png 830w, https:\/\/anandena.fr\/wp-content\/uploads\/2026\/04\/Charte-des-eleves-\u2013-Anandena-230x325.png 230w, https:\/\/anandena.fr\/wp-content\/uploads\/2026\/04\/Charte-des-eleves-\u2013-Anandena-350x495.png 350w, https:\/\/anandena.fr\/wp-content\/uploads\/2026\/04\/Charte-des-eleves-\u2013-Anandena-480x679.png 480w, https:\/\/anandena.fr\/wp-content\/uploads\/2026\/04\/Charte-des-eleves-\u2013-Anandena.png 1414w\" sizes=\"auto, (max-width: 724px) 100vw, 724px\" \/><\/figure>\n<\/div>\n\n\n<hr class=\"wp-block-separator alignfull has-alpha-channel-opacity\"\/>\n\n\n\n<figure class=\"wp-block-image alignfull size-large\"><img loading=\"lazy\" decoding=\"async\" width=\"1024\" height=\"205\" src=\"https:\/\/anandena.fr\/wp-content\/uploads\/2026\/04\/bandeau-9-1024x205.png\" alt=\"\" class=\"wp-image-2497\" srcset=\"https:\/\/anandena.fr\/wp-content\/uploads\/2026\/04\/bandeau-9-1024x205.png 1024w, https:\/\/anandena.fr\/wp-content\/uploads\/2026\/04\/bandeau-9-300x60.png 300w, https:\/\/anandena.fr\/wp-content\/uploads\/2026\/04\/bandeau-9-768x154.png 768w, https:\/\/anandena.fr\/wp-content\/uploads\/2026\/04\/bandeau-9-1536x307.png 1536w, https:\/\/anandena.fr\/wp-content\/uploads\/2026\/04\/bandeau-9-830x166.png 830w, https:\/\/anandena.fr\/wp-content\/uploads\/2026\/04\/bandeau-9-230x46.png 230w, https:\/\/anandena.fr\/wp-content\/uploads\/2026\/04\/bandeau-9-350x70.png 350w, https:\/\/anandena.fr\/wp-content\/uploads\/2026\/04\/bandeau-9-480x96.png 480w, https:\/\/anandena.fr\/wp-content\/uploads\/2026\/04\/bandeau-9.png 2000w\" sizes=\"auto, (max-width: 1024px) 100vw, 1024px\" \/><\/figure>\n\n\n\n<p class=\"has-text-align-center\">Attention, les tarifs changeront \u00e0 partir du 1er Janvier 2026&#8230;. d\u00e9sol\u00e9e!<\/p>\n\n\n<div class=\"wp-block-image\">\n<figure class=\"aligncenter size-large is-resized\"><img loading=\"lazy\" decoding=\"async\" width=\"630\" height=\"1024\" src=\"http:\/\/anandena.fr\/wp-content\/uploads\/2023\/06\/tarifs-des-cours-juil-2023-630x1024.jpg\" alt=\"\" class=\"wp-image-1777\" style=\"aspect-ratio:0.6160220994475138;width:516px;height:auto\" srcset=\"https:\/\/anandena.fr\/wp-content\/uploads\/2023\/06\/tarifs-des-cours-juil-2023-630x1024.jpg 630w, https:\/\/anandena.fr\/wp-content\/uploads\/2023\/06\/tarifs-des-cours-juil-2023-185x300.jpg 185w, https:\/\/anandena.fr\/wp-content\/uploads\/2023\/06\/tarifs-des-cours-juil-2023-230x374.jpg 230w, https:\/\/anandena.fr\/wp-content\/uploads\/2023\/06\/tarifs-des-cours-juil-2023-350x568.jpg 350w, https:\/\/anandena.fr\/wp-content\/uploads\/2023\/06\/tarifs-des-cours-juil-2023-480x780.jpg 480w, https:\/\/anandena.fr\/wp-content\/uploads\/2023\/06\/tarifs-des-cours-juil-2023.jpg 660w\" sizes=\"auto, (max-width: 630px) 100vw, 630px\" \/><\/figure>\n<\/div>\n\n\n<p class=\"has-text-align-center has-pale-ocean-gradient-background has-background has-medium-font-size\"><strong>LES DIFFERENTS STYLES DE YOGA PROPOS\u00c9S AU STUDIO ANANDENA<\/strong><\/p>\n\n\n\n<p>tous les cours collectifs sont affich\u00e9s ici, si vous voulez un cours priv\u00e9, un rendez Ayurvedique, un cours de yoga th\u00e9rapie, un cours de yoga th\u00e9rapie hormonale, un cours de yoga en famille, alors je vous invite&nbsp;\u00e0 me contacter par t\u00e9l\u00e9phone, par WhatsApp, messenger, par email, etc. ;)))<\/p>\n\n\n\n<p class=\"has-text-align-center\"><strong>\u2022Un yoga pour chaque \u00e2ge:<\/strong> les enfants, les adolescents, les adultes, les seniors<\/p>\n\n\n\n<p class=\"has-text-align-center\"><strong>\u2022Un yoga&nbsp;pour&nbsp;chaque corps:<\/strong> svelte, enrob\u00e9, athl\u00e9tique, raid, souple, lent, etc.<\/p>\n\n\n\n<p class=\"has-text-align-center\">\u2022<strong>Un yoga&nbsp;pour&nbsp;chaque sant\u00e9<\/strong>: en bonne sant\u00e9, un peu fragile, malade, tr\u00e8s malade, physiquement bien mais pas moralement&nbsp;ou&nbsp;mentalement; mentalement bien mais pas physiquement, mais aussi pour ceux qui ne vont pas bien ni dans leur corps ni dans leur t\u00eate&#8230; pas de discrimination ici, tout le monde est le\/a bienvenu\/e.<\/p>\n\n\n\n<p class=\"has-text-align-center\"><strong>\u2022Les pratiques&nbsp;pas&nbsp;seulement physiques, mais aussi spirituelles <\/strong>dans le sens non pas religieux mais celui de se conna\u00eetre soi-m\u00eame, pour savoir mieux se prendre en charge.<\/p>\n\n\n\n<p class=\"has-black-color has-very-light-gray-to-cyan-bluish-gray-gradient-background has-text-color has-background has-link-color wp-elements-3a11b47b6eeda1d6f303a7e479e74049\"><strong>LA YOGA THERAPIE HORMONALE<\/strong> &#8211; &#8220;la derni\u00e8re nouveaut\u00e9&#8221;<\/p>\n\n\n<div class=\"wp-block-image\">\n<figure class=\"aligncenter size-large is-resized\"><img loading=\"lazy\" decoding=\"async\" width=\"1024\" height=\"602\" src=\"https:\/\/anandena.fr\/wp-content\/uploads\/2025\/11\/planche-YTH-v2-1024x602.jpg\" alt=\"\" class=\"wp-image-2367\" style=\"width:776px;height:auto\" srcset=\"https:\/\/anandena.fr\/wp-content\/uploads\/2025\/11\/planche-YTH-v2-1024x602.jpg 1024w, https:\/\/anandena.fr\/wp-content\/uploads\/2025\/11\/planche-YTH-v2-300x176.jpg 300w, https:\/\/anandena.fr\/wp-content\/uploads\/2025\/11\/planche-YTH-v2-768x451.jpg 768w, https:\/\/anandena.fr\/wp-content\/uploads\/2025\/11\/planche-YTH-v2-1536x903.jpg 1536w, https:\/\/anandena.fr\/wp-content\/uploads\/2025\/11\/planche-YTH-v2-830x488.jpg 830w, https:\/\/anandena.fr\/wp-content\/uploads\/2025\/11\/planche-YTH-v2-230x135.jpg 230w, https:\/\/anandena.fr\/wp-content\/uploads\/2025\/11\/planche-YTH-v2-350x206.jpg 350w, https:\/\/anandena.fr\/wp-content\/uploads\/2025\/11\/planche-YTH-v2-480x282.jpg 480w, https:\/\/anandena.fr\/wp-content\/uploads\/2025\/11\/planche-YTH-v2.jpg 1770w\" sizes=\"auto, (max-width: 1024px) 100vw, 1024px\" \/><figcaption class=\"wp-element-caption\">Screenshot<\/figcaption><\/figure>\n<\/div>\n\n\n<p class=\"has-very-light-gray-to-cyan-bluish-gray-gradient-background has-background\"><strong>LE HATHA YOGA TRADITIONNEL, yoga pour seniors et yoga adapt\u00e9  &amp; LE VINYASA YOGA <\/strong><\/p>\n\n\n<div class=\"wp-block-image\">\n<figure class=\"aligncenter size-full is-resized\"><img loading=\"lazy\" decoding=\"async\" width=\"940\" height=\"788\" src=\"https:\/\/anandena.fr\/wp-content\/uploads\/2025\/11\/bienfaits-yoga-pour-seniors-3.jpg\" alt=\"\" class=\"wp-image-2369\" style=\"width:655px;height:auto\" srcset=\"https:\/\/anandena.fr\/wp-content\/uploads\/2025\/11\/bienfaits-yoga-pour-seniors-3.jpg 940w, https:\/\/anandena.fr\/wp-content\/uploads\/2025\/11\/bienfaits-yoga-pour-seniors-3-300x251.jpg 300w, https:\/\/anandena.fr\/wp-content\/uploads\/2025\/11\/bienfaits-yoga-pour-seniors-3-768x644.jpg 768w, https:\/\/anandena.fr\/wp-content\/uploads\/2025\/11\/bienfaits-yoga-pour-seniors-3-830x696.jpg 830w, https:\/\/anandena.fr\/wp-content\/uploads\/2025\/11\/bienfaits-yoga-pour-seniors-3-230x193.jpg 230w, https:\/\/anandena.fr\/wp-content\/uploads\/2025\/11\/bienfaits-yoga-pour-seniors-3-350x293.jpg 350w, https:\/\/anandena.fr\/wp-content\/uploads\/2025\/11\/bienfaits-yoga-pour-seniors-3-480x402.jpg 480w\" sizes=\"auto, (max-width: 940px) 100vw, 940px\" \/><\/figure>\n<\/div>\n\n\n<p><strong>Hatha yoga: <\/strong>l\u2019objectif est de cr\u00e9er un \u00e9quilibre harmonieux entre le corps physique, la bio-\u00e9nergie et le mental, par l\u2019utilisation de plusieurs types d\u2019exercices comme les postures, la respiration, les mudras (position des mains) les bandhas (verrous corporels) et les pratiques de nettoyage internes. Les s\u00e9ances durent 1h ou 1 heure et 30 minutes. <\/p>\n\n\n<div class=\"wp-block-image\">\n<figure class=\"aligncenter size-full is-resized\"><img loading=\"lazy\" decoding=\"async\" width=\"940\" height=\"788\" src=\"https:\/\/anandena.fr\/wp-content\/uploads\/2025\/11\/bienfaits-yoga-pour-seniors-2.jpg\" alt=\"\" class=\"wp-image-2371\" style=\"width:657px;height:auto\" srcset=\"https:\/\/anandena.fr\/wp-content\/uploads\/2025\/11\/bienfaits-yoga-pour-seniors-2.jpg 940w, https:\/\/anandena.fr\/wp-content\/uploads\/2025\/11\/bienfaits-yoga-pour-seniors-2-300x251.jpg 300w, https:\/\/anandena.fr\/wp-content\/uploads\/2025\/11\/bienfaits-yoga-pour-seniors-2-768x644.jpg 768w, https:\/\/anandena.fr\/wp-content\/uploads\/2025\/11\/bienfaits-yoga-pour-seniors-2-830x696.jpg 830w, https:\/\/anandena.fr\/wp-content\/uploads\/2025\/11\/bienfaits-yoga-pour-seniors-2-230x193.jpg 230w, https:\/\/anandena.fr\/wp-content\/uploads\/2025\/11\/bienfaits-yoga-pour-seniors-2-350x293.jpg 350w, https:\/\/anandena.fr\/wp-content\/uploads\/2025\/11\/bienfaits-yoga-pour-seniors-2-480x402.jpg 480w\" sizes=\"auto, (max-width: 940px) 100vw, 940px\" \/><\/figure>\n<\/div>\n\n\n<div class=\"wp-block-group\"><div class=\"wp-block-group__inner-container is-layout-constrained wp-block-group-is-layout-constrained\"><div class=\"wp-block-image\">\n<figure class=\"aligncenter size-full is-resized\"><img loading=\"lazy\" decoding=\"async\" width=\"940\" height=\"788\" src=\"https:\/\/anandena.fr\/wp-content\/uploads\/2025\/11\/pub-vinyasa.png\" alt=\"\" class=\"wp-image-2368\" style=\"width:584px;height:auto\" srcset=\"https:\/\/anandena.fr\/wp-content\/uploads\/2025\/11\/pub-vinyasa.png 940w, https:\/\/anandena.fr\/wp-content\/uploads\/2025\/11\/pub-vinyasa-300x251.png 300w, https:\/\/anandena.fr\/wp-content\/uploads\/2025\/11\/pub-vinyasa-768x644.png 768w, https:\/\/anandena.fr\/wp-content\/uploads\/2025\/11\/pub-vinyasa-830x696.png 830w, https:\/\/anandena.fr\/wp-content\/uploads\/2025\/11\/pub-vinyasa-230x193.png 230w, https:\/\/anandena.fr\/wp-content\/uploads\/2025\/11\/pub-vinyasa-350x293.png 350w, https:\/\/anandena.fr\/wp-content\/uploads\/2025\/11\/pub-vinyasa-480x402.png 480w\" sizes=\"auto, (max-width: 940px) 100vw, 940px\" \/><\/figure>\n<\/div><\/div><\/div>\n\n\n\n<p><strong>Vinyasa yoga<\/strong>: il synchronise la respiration avec les mouvements dans une s\u00e9quence fluide de postures organis\u00e9es de mani\u00e8re cr\u00e9ative, dans le but de d\u00e9velopper une conscience int\u00e9rieure, de stimuler la chaleur du corps et d\u2019explorer les effets de la bio-\u00e9nergie. Les s\u00e9ances durent 1h ou 1 heure et 30 minutes.<\/p>\n\n\n\n<p><br><\/p>\n\n\n\n<p class=\"has-very-light-gray-to-cyan-bluish-gray-gradient-background has-background\"><strong>LE YIN YOGA<\/strong><\/p>\n\n\n<div class=\"wp-block-image\">\n<figure class=\"aligncenter size-full is-resized\"><img loading=\"lazy\" decoding=\"async\" width=\"940\" height=\"788\" src=\"https:\/\/anandena.fr\/wp-content\/uploads\/2025\/11\/bienfaits-yin.jpg\" alt=\"\" class=\"wp-image-2370\" style=\"width:597px;height:auto\" srcset=\"https:\/\/anandena.fr\/wp-content\/uploads\/2025\/11\/bienfaits-yin.jpg 940w, https:\/\/anandena.fr\/wp-content\/uploads\/2025\/11\/bienfaits-yin-300x251.jpg 300w, https:\/\/anandena.fr\/wp-content\/uploads\/2025\/11\/bienfaits-yin-768x644.jpg 768w, https:\/\/anandena.fr\/wp-content\/uploads\/2025\/11\/bienfaits-yin-830x696.jpg 830w, https:\/\/anandena.fr\/wp-content\/uploads\/2025\/11\/bienfaits-yin-230x193.jpg 230w, https:\/\/anandena.fr\/wp-content\/uploads\/2025\/11\/bienfaits-yin-350x293.jpg 350w, https:\/\/anandena.fr\/wp-content\/uploads\/2025\/11\/bienfaits-yin-480x402.jpg 480w\" sizes=\"auto, (max-width: 940px) 100vw, 940px\" \/><\/figure>\n<\/div>\n\n\n<p><strong>Yin Yoga<\/strong>: c\u2019est un style de yoga tr\u00e8s lent avec des postures essentiellement au sol, elles sont tenues pour des p\u00e9riodes allant de 2 \u00e0 10 minutes, pour permettre de travailler sur les tissus \u2018yin\u2019 les ligaments, les articulations, et les fascias, ainsi que les os. c\u2019est un yoga r\u00e9cent mais qui a d\u00e9montr\u00e9 son efficacit\u00e9 th\u00e9rapeutique par le travail sur les m\u00e9ridiens chinois de l\u2019acuponcture.  Ce yoga permet aussi la pr\u00e9paration du mental pour la m\u00e9ditation et une relaxation profonde. Les s\u00e9ances durent 1 heure et 30 minutes.<\/p>\n\n\n\n<p class=\"has-very-light-gray-to-cyan-bluish-gray-gradient-background has-background\"><strong>LE YOGA NIDRA<\/strong><\/p>\n\n\n<div class=\"wp-block-image\">\n<figure class=\"aligncenter size-full is-resized\"><img loading=\"lazy\" decoding=\"async\" width=\"640\" height=\"251\" src=\"https:\/\/anandena.fr\/wp-content\/uploads\/2025\/09\/photo-cours-allonge.jpg\" alt=\"\" class=\"wp-image-2287\" style=\"aspect-ratio:1.4954407294832828;width:546px;height:auto\" srcset=\"https:\/\/anandena.fr\/wp-content\/uploads\/2025\/09\/photo-cours-allonge.jpg 640w, https:\/\/anandena.fr\/wp-content\/uploads\/2025\/09\/photo-cours-allonge-300x118.jpg 300w, https:\/\/anandena.fr\/wp-content\/uploads\/2025\/09\/photo-cours-allonge-230x90.jpg 230w, https:\/\/anandena.fr\/wp-content\/uploads\/2025\/09\/photo-cours-allonge-350x137.jpg 350w, https:\/\/anandena.fr\/wp-content\/uploads\/2025\/09\/photo-cours-allonge-480x188.jpg 480w\" sizes=\"auto, (max-width: 640px) 100vw, 640px\" \/><\/figure>\n<\/div>\n\n\n<p><strong>Yoga Nidra:<\/strong> le yoga du sommeil, je vous emporterai entre l\u2019\u00e9tat d&#8217;\u00e9veil et de r\u00eave. C\u2019est une technique pour se d\u00e9tendre consciemment, une m\u00e9thode syst\u00e9matique pour induire une relaxation compl\u00e8te physique, mentale et \u00e9motionnelle.<br>Une s\u00e9ance peut durer entre 30 minutes et 1 heure. Les s\u00e9ances collectives durent 1h.<\/p>\n\n\n\n<h2 class=\"wp-block-heading has-very-light-gray-to-cyan-bluish-gray-gradient-background has-background has-medium-font-size\">SOPHROLOGIE<\/h2>\n\n\n\n<p>il n&#8217;y a pas de s\u00e9ance en collectif, j&#8217;ai choisi de me concentrer sur les s\u00e9ances individuelles pour coller au mieux \u00e0 vos besoins ;)) Si vous recherchez un cours de relaxation, je vous recommande le yoga Nidra les lundis soirs. les s\u00e9ances se passent dans la salle \u00e0 l&#8217;\u00e9tage, dans une atmosph\u00e8re cocooning et bienveillante. <\/p>\n\n\n\n<figure class=\"wp-block-gallery has-nested-images columns-default is-cropped wp-block-gallery-1 is-layout-flex wp-block-gallery-is-layout-flex\">\n<figure class=\"wp-block-image size-large\"><img loading=\"lazy\" decoding=\"async\" width=\"1024\" height=\"768\" data-id=\"1974\" src=\"https:\/\/anandena.fr\/wp-content\/uploads\/2024\/03\/1etage-2-1-1024x768.jpg\" alt=\"\" class=\"wp-image-1974\" srcset=\"https:\/\/anandena.fr\/wp-content\/uploads\/2024\/03\/1etage-2-1-1024x768.jpg 1024w, https:\/\/anandena.fr\/wp-content\/uploads\/2024\/03\/1etage-2-1-300x225.jpg 300w, https:\/\/anandena.fr\/wp-content\/uploads\/2024\/03\/1etage-2-1-768x576.jpg 768w, https:\/\/anandena.fr\/wp-content\/uploads\/2024\/03\/1etage-2-1-1536x1152.jpg 1536w, https:\/\/anandena.fr\/wp-content\/uploads\/2024\/03\/1etage-2-1-2048x1536.jpg 2048w, https:\/\/anandena.fr\/wp-content\/uploads\/2024\/03\/1etage-2-1-830x623.jpg 830w, https:\/\/anandena.fr\/wp-content\/uploads\/2024\/03\/1etage-2-1-230x173.jpg 230w, https:\/\/anandena.fr\/wp-content\/uploads\/2024\/03\/1etage-2-1-350x263.jpg 350w, https:\/\/anandena.fr\/wp-content\/uploads\/2024\/03\/1etage-2-1-480x360.jpg 480w\" sizes=\"auto, (max-width: 1024px) 100vw, 1024px\" \/><\/figure>\n\n\n\n<figure class=\"wp-block-image size-large\"><img loading=\"lazy\" decoding=\"async\" width=\"1024\" height=\"768\" data-id=\"2289\" src=\"https:\/\/anandena.fr\/wp-content\/uploads\/2025\/09\/1e-etage-2-1024x768.jpg\" alt=\"\" class=\"wp-image-2289\" srcset=\"https:\/\/anandena.fr\/wp-content\/uploads\/2025\/09\/1e-etage-2-1024x768.jpg 1024w, https:\/\/anandena.fr\/wp-content\/uploads\/2025\/09\/1e-etage-2-300x225.jpg 300w, https:\/\/anandena.fr\/wp-content\/uploads\/2025\/09\/1e-etage-2-768x576.jpg 768w, https:\/\/anandena.fr\/wp-content\/uploads\/2025\/09\/1e-etage-2-1536x1152.jpg 1536w, https:\/\/anandena.fr\/wp-content\/uploads\/2025\/09\/1e-etage-2-2048x1536.jpg 2048w, https:\/\/anandena.fr\/wp-content\/uploads\/2025\/09\/1e-etage-2-830x623.jpg 830w, https:\/\/anandena.fr\/wp-content\/uploads\/2025\/09\/1e-etage-2-230x173.jpg 230w, https:\/\/anandena.fr\/wp-content\/uploads\/2025\/09\/1e-etage-2-350x263.jpg 350w, https:\/\/anandena.fr\/wp-content\/uploads\/2025\/09\/1e-etage-2-480x360.jpg 480w\" sizes=\"auto, (max-width: 1024px) 100vw, 1024px\" \/><\/figure>\n\n\n\n<figure class=\"wp-block-image size-large\"><img loading=\"lazy\" decoding=\"async\" width=\"1024\" height=\"768\" data-id=\"2306\" src=\"https:\/\/anandena.fr\/wp-content\/uploads\/2025\/09\/IMG_8619-1024x768.jpg\" alt=\"\" class=\"wp-image-2306\" srcset=\"https:\/\/anandena.fr\/wp-content\/uploads\/2025\/09\/IMG_8619-1024x768.jpg 1024w, https:\/\/anandena.fr\/wp-content\/uploads\/2025\/09\/IMG_8619-300x225.jpg 300w, https:\/\/anandena.fr\/wp-content\/uploads\/2025\/09\/IMG_8619-768x576.jpg 768w, https:\/\/anandena.fr\/wp-content\/uploads\/2025\/09\/IMG_8619-1536x1152.jpg 1536w, https:\/\/anandena.fr\/wp-content\/uploads\/2025\/09\/IMG_8619-2048x1536.jpg 2048w, https:\/\/anandena.fr\/wp-content\/uploads\/2025\/09\/IMG_8619-830x623.jpg 830w, https:\/\/anandena.fr\/wp-content\/uploads\/2025\/09\/IMG_8619-230x173.jpg 230w, https:\/\/anandena.fr\/wp-content\/uploads\/2025\/09\/IMG_8619-350x263.jpg 350w, https:\/\/anandena.fr\/wp-content\/uploads\/2025\/09\/IMG_8619-480x360.jpg 480w\" sizes=\"auto, (max-width: 1024px) 100vw, 1024px\" \/><\/figure>\n<\/figure>\n\n\n\n<p><\/p>\n\n\n\n<p class=\"has-very-light-gray-to-cyan-bluish-gray-gradient-background has-background\"><strong>LA MEDITATION<\/strong><\/p>\n\n\n\n<p class=\"has-text-align-center has-vivid-cyan-blue-color has-text-color has-small-font-size\"><strong>L&#8217;initiation \u00e0 la m\u00e9ditation a lieu les jeudis soirs &#8211; 2\u00e8me jeudi du mois. Possibilit\u00e9 de s\u00e9ance priv\u00e9e.<\/strong><\/p>\n\n\n<div class=\"wp-block-image\">\n<figure class=\"aligncenter size-full is-resized\"><img loading=\"lazy\" decoding=\"async\" width=\"940\" height=\"788\" src=\"https:\/\/anandena.fr\/wp-content\/uploads\/2025\/11\/bienfaits-yoga-pour-seniors.jpg\" alt=\"\" class=\"wp-image-2372\" style=\"aspect-ratio:1.6189111747851004;width:643px;height:auto\" srcset=\"https:\/\/anandena.fr\/wp-content\/uploads\/2025\/11\/bienfaits-yoga-pour-seniors.jpg 940w, https:\/\/anandena.fr\/wp-content\/uploads\/2025\/11\/bienfaits-yoga-pour-seniors-300x251.jpg 300w, https:\/\/anandena.fr\/wp-content\/uploads\/2025\/11\/bienfaits-yoga-pour-seniors-768x644.jpg 768w, https:\/\/anandena.fr\/wp-content\/uploads\/2025\/11\/bienfaits-yoga-pour-seniors-830x696.jpg 830w, https:\/\/anandena.fr\/wp-content\/uploads\/2025\/11\/bienfaits-yoga-pour-seniors-230x193.jpg 230w, https:\/\/anandena.fr\/wp-content\/uploads\/2025\/11\/bienfaits-yoga-pour-seniors-350x293.jpg 350w, https:\/\/anandena.fr\/wp-content\/uploads\/2025\/11\/bienfaits-yoga-pour-seniors-480x402.jpg 480w\" sizes=\"auto, (max-width: 940px) 100vw, 940px\" \/><\/figure>\n<\/div>\n\n\n<p><strong>Initiation \u00e0 la M\u00e9ditation du calme mental<\/strong>: Les s\u00e9ances durent entre 30 et 45 minutes. la s\u00e9ance collective a lieu le mercredi matin de 11h15 \u00e0 12h.<\/p>\n\n\n\n<p><br><strong>Pranayama ou exercices de respiration<\/strong>: am\u00e9liorer votre capacit\u00e9 respiratoire, votre syst\u00e8me immunitaire tout simplement en quelques exercices simples de respiration, que vous pourrez refaire chez vous et \u00e0 tout moment de votre journ\u00e9e. ce sont des s\u00e9ances priv\u00e9es qui durent entre 30 minutes et 1 heure.<\/p>\n\n\n\n<p class=\"has-very-light-gray-to-cyan-bluish-gray-gradient-background has-background has-normal-font-size\"><strong>YOGA PR\u00c9 &amp; POST NATAL<\/strong><\/p>\n\n\n\n<p class=\"has-text-align-center has-black-color has-text-color has-small-font-size\">les cours de pr\u00e9 et post natals sont organis\u00e9s en collectif \u00e0 partir du moment o\u00f9 il y a un groupe de maman (au moins 2), sinon les cours seront au tarif des cours priv\u00e9s. Contactez moi pour en savoir plus.<\/p>\n\n\n<div class=\"wp-block-image\">\n<figure class=\"aligncenter size-large is-resized\"><img loading=\"lazy\" decoding=\"async\" width=\"870\" height=\"671\" src=\"http:\/\/anandena.fr\/wp-content\/uploads\/2020\/09\/yoga-pr\u00e9postnatal.jpg\" alt=\"\" class=\"wp-image-588\" style=\"width:507px;height:390px\" srcset=\"https:\/\/anandena.fr\/wp-content\/uploads\/2020\/09\/yoga-pr\u00e9postnatal.jpg 870w, https:\/\/anandena.fr\/wp-content\/uploads\/2020\/09\/yoga-pr\u00e9postnatal-300x231.jpg 300w, https:\/\/anandena.fr\/wp-content\/uploads\/2020\/09\/yoga-pr\u00e9postnatal-768x592.jpg 768w, https:\/\/anandena.fr\/wp-content\/uploads\/2020\/09\/yoga-pr\u00e9postnatal-830x640.jpg 830w, https:\/\/anandena.fr\/wp-content\/uploads\/2020\/09\/yoga-pr\u00e9postnatal-230x177.jpg 230w, https:\/\/anandena.fr\/wp-content\/uploads\/2020\/09\/yoga-pr\u00e9postnatal-350x270.jpg 350w, https:\/\/anandena.fr\/wp-content\/uploads\/2020\/09\/yoga-pr\u00e9postnatal-480x370.jpg 480w\" sizes=\"auto, (max-width: 870px) 100vw, 870px\" \/><figcaption class=\"wp-element-caption\">Des postures adapt\u00e9es aux femmes enceintes selon leur trimestre de grossesse et des postures adapt\u00e9es aux femmes ayant accouch\u00e9 selon les mois depuis l\u2019accouchement &#8211; avec la pr\u00e9sence de b\u00e9b\u00e9 ou pas, en fonction des possibilit\u00e9s de chacune.<\/figcaption><\/figure>\n<\/div>\n\n\n<p class=\"has-very-light-gray-background-color has-background\"><strong>LE YOGA THERAPEUTIQUE<\/strong><\/p>\n\n\n\n<p class=\"has-text-align-center has-black-color has-text-color has-small-font-size\"><strong>les cours de yoga th\u00e9rapeutique sont organis\u00e9s uniquement en s\u00e9ances priv\u00e9es, contactez moi pour en savoir plus. <\/strong><\/p>\n\n\n\n<figure class=\"wp-block-gallery has-nested-images columns-default is-cropped wp-block-gallery-2 is-layout-flex wp-block-gallery-is-layout-flex\">\n<figure class=\"wp-block-image size-large\"><img loading=\"lazy\" decoding=\"async\" width=\"704\" height=\"760\" data-id=\"2301\" src=\"https:\/\/anandena.fr\/wp-content\/uploads\/2025\/09\/Capture-decran-2024-03-06-a-15.29.08.png\" alt=\"\" class=\"wp-image-2301\" srcset=\"https:\/\/anandena.fr\/wp-content\/uploads\/2025\/09\/Capture-decran-2024-03-06-a-15.29.08.png 704w, https:\/\/anandena.fr\/wp-content\/uploads\/2025\/09\/Capture-decran-2024-03-06-a-15.29.08-278x300.png 278w, https:\/\/anandena.fr\/wp-content\/uploads\/2025\/09\/Capture-decran-2024-03-06-a-15.29.08-230x248.png 230w, https:\/\/anandena.fr\/wp-content\/uploads\/2025\/09\/Capture-decran-2024-03-06-a-15.29.08-350x378.png 350w, https:\/\/anandena.fr\/wp-content\/uploads\/2025\/09\/Capture-decran-2024-03-06-a-15.29.08-480x518.png 480w\" sizes=\"auto, (max-width: 704px) 100vw, 704px\" \/><\/figure>\n\n\n\n<figure class=\"wp-block-image size-large\"><img loading=\"lazy\" decoding=\"async\" width=\"810\" height=\"608\" data-id=\"2299\" src=\"https:\/\/anandena.fr\/wp-content\/uploads\/2025\/09\/Capture-decran-2024-03-06-a-15.28.28.png\" alt=\"\" class=\"wp-image-2299\" srcset=\"https:\/\/anandena.fr\/wp-content\/uploads\/2025\/09\/Capture-decran-2024-03-06-a-15.28.28.png 810w, https:\/\/anandena.fr\/wp-content\/uploads\/2025\/09\/Capture-decran-2024-03-06-a-15.28.28-300x225.png 300w, https:\/\/anandena.fr\/wp-content\/uploads\/2025\/09\/Capture-decran-2024-03-06-a-15.28.28-768x576.png 768w, https:\/\/anandena.fr\/wp-content\/uploads\/2025\/09\/Capture-decran-2024-03-06-a-15.28.28-230x173.png 230w, https:\/\/anandena.fr\/wp-content\/uploads\/2025\/09\/Capture-decran-2024-03-06-a-15.28.28-350x263.png 350w, https:\/\/anandena.fr\/wp-content\/uploads\/2025\/09\/Capture-decran-2024-03-06-a-15.28.28-480x360.png 480w\" sizes=\"auto, (max-width: 810px) 100vw, 810px\" \/><\/figure>\n\n\n\n<figure class=\"wp-block-image size-large\"><img loading=\"lazy\" decoding=\"async\" width=\"792\" height=\"496\" data-id=\"2298\" src=\"https:\/\/anandena.fr\/wp-content\/uploads\/2025\/09\/Capture-decran-2024-03-06-a-15.28.41.png\" alt=\"\" class=\"wp-image-2298\" srcset=\"https:\/\/anandena.fr\/wp-content\/uploads\/2025\/09\/Capture-decran-2024-03-06-a-15.28.41.png 792w, https:\/\/anandena.fr\/wp-content\/uploads\/2025\/09\/Capture-decran-2024-03-06-a-15.28.41-300x188.png 300w, https:\/\/anandena.fr\/wp-content\/uploads\/2025\/09\/Capture-decran-2024-03-06-a-15.28.41-768x481.png 768w, https:\/\/anandena.fr\/wp-content\/uploads\/2025\/09\/Capture-decran-2024-03-06-a-15.28.41-230x144.png 230w, https:\/\/anandena.fr\/wp-content\/uploads\/2025\/09\/Capture-decran-2024-03-06-a-15.28.41-350x219.png 350w, https:\/\/anandena.fr\/wp-content\/uploads\/2025\/09\/Capture-decran-2024-03-06-a-15.28.41-480x301.png 480w\" sizes=\"auto, (max-width: 792px) 100vw, 792px\" \/><\/figure>\n\n\n\n<figure class=\"wp-block-image size-large\"><img loading=\"lazy\" decoding=\"async\" width=\"1024\" height=\"711\" data-id=\"2297\" src=\"https:\/\/anandena.fr\/wp-content\/uploads\/2025\/09\/yoga-sur-chaise-1024x711.jpg\" alt=\"\" class=\"wp-image-2297\" srcset=\"https:\/\/anandena.fr\/wp-content\/uploads\/2025\/09\/yoga-sur-chaise-1024x711.jpg 1024w, https:\/\/anandena.fr\/wp-content\/uploads\/2025\/09\/yoga-sur-chaise-300x208.jpg 300w, https:\/\/anandena.fr\/wp-content\/uploads\/2025\/09\/yoga-sur-chaise-768x533.jpg 768w, https:\/\/anandena.fr\/wp-content\/uploads\/2025\/09\/yoga-sur-chaise-1536x1066.jpg 1536w, https:\/\/anandena.fr\/wp-content\/uploads\/2025\/09\/yoga-sur-chaise-830x576.jpg 830w, https:\/\/anandena.fr\/wp-content\/uploads\/2025\/09\/yoga-sur-chaise-230x160.jpg 230w, https:\/\/anandena.fr\/wp-content\/uploads\/2025\/09\/yoga-sur-chaise-350x243.jpg 350w, https:\/\/anandena.fr\/wp-content\/uploads\/2025\/09\/yoga-sur-chaise-480x333.jpg 480w, https:\/\/anandena.fr\/wp-content\/uploads\/2025\/09\/yoga-sur-chaise.jpg 2034w\" sizes=\"auto, (max-width: 1024px) 100vw, 1024px\" \/><figcaption class=\"wp-element-caption\">Screenshot<\/figcaption><\/figure>\n\n\n\n<figure class=\"wp-block-image size-large\"><img loading=\"lazy\" decoding=\"async\" width=\"810\" height=\"608\" data-id=\"2295\" src=\"https:\/\/anandena.fr\/wp-content\/uploads\/2025\/09\/therapie-V-inverse.jpg\" alt=\"\" class=\"wp-image-2295\" srcset=\"https:\/\/anandena.fr\/wp-content\/uploads\/2025\/09\/therapie-V-inverse.jpg 810w, https:\/\/anandena.fr\/wp-content\/uploads\/2025\/09\/therapie-V-inverse-300x225.jpg 300w, https:\/\/anandena.fr\/wp-content\/uploads\/2025\/09\/therapie-V-inverse-768x576.jpg 768w, https:\/\/anandena.fr\/wp-content\/uploads\/2025\/09\/therapie-V-inverse-230x173.jpg 230w, https:\/\/anandena.fr\/wp-content\/uploads\/2025\/09\/therapie-V-inverse-350x263.jpg 350w, https:\/\/anandena.fr\/wp-content\/uploads\/2025\/09\/therapie-V-inverse-480x360.jpg 480w\" sizes=\"auto, (max-width: 810px) 100vw, 810px\" \/><figcaption class=\"wp-element-caption\">Screenshot<\/figcaption><\/figure>\n<\/figure>\n\n\n\n<p><strong>Yoga th\u00e9rapeutique:<\/strong> un yoga adapt\u00e9 pour les personnes souffrant de pathologie plus ou moins grave.<\/p>\n\n\n\n<figure class=\"wp-block-gallery has-nested-images columns-default is-cropped wp-block-gallery-3 is-layout-flex wp-block-gallery-is-layout-flex\"><\/figure>\n\n\n\n<p class=\"has-very-light-gray-background-color has-background\"><strong>LE YOGA EN ENTREPRISE<\/strong><\/p>\n\n\n<div class=\"wp-block-image\">\n<figure class=\"aligncenter size-large is-resized\"><img loading=\"lazy\" decoding=\"async\" width=\"1024\" height=\"1024\" src=\"http:\/\/anandena.fr\/wp-content\/uploads\/2019\/11\/yoga-en-entreprise-1024x1024.jpg\" alt=\"\" class=\"wp-image-163\" style=\"width:536px;height:536px\" srcset=\"https:\/\/anandena.fr\/wp-content\/uploads\/2019\/11\/yoga-en-entreprise-1024x1024.jpg 1024w, https:\/\/anandena.fr\/wp-content\/uploads\/2019\/11\/yoga-en-entreprise-300x300.jpg 300w, https:\/\/anandena.fr\/wp-content\/uploads\/2019\/11\/yoga-en-entreprise-150x150.jpg 150w, https:\/\/anandena.fr\/wp-content\/uploads\/2019\/11\/yoga-en-entreprise-768x768.jpg 768w, https:\/\/anandena.fr\/wp-content\/uploads\/2019\/11\/yoga-en-entreprise-1536x1536.jpg 1536w, https:\/\/anandena.fr\/wp-content\/uploads\/2019\/11\/yoga-en-entreprise-830x830.jpg 830w, https:\/\/anandena.fr\/wp-content\/uploads\/2019\/11\/yoga-en-entreprise-230x230.jpg 230w, https:\/\/anandena.fr\/wp-content\/uploads\/2019\/11\/yoga-en-entreprise-350x350.jpg 350w, https:\/\/anandena.fr\/wp-content\/uploads\/2019\/11\/yoga-en-entreprise-480x480.jpg 480w, https:\/\/anandena.fr\/wp-content\/uploads\/2019\/11\/yoga-en-entreprise.jpg 1654w\" sizes=\"auto, (max-width: 1024px) 100vw, 1024px\" \/><figcaption class=\"wp-element-caption\"><strong>le yoga en entreprise: <\/strong>pour am\u00e9liorer la Qualit\u00e9 de Vie au Travail et r\u00e9duire les risques de burn-out. Les s\u00e9ances durent 1 heure.<\/figcaption><\/figure>\n<\/div>\n\n\n<p class=\"has-very-light-gray-background-color has-background\"><strong>LE YOGA POUR ENFANTS ET ADOLESCENTS <\/strong><\/p>\n\n\n\n<p class=\"has-text-align-center has-black-color has-text-color has-small-font-size\"><strong>Les cours de yoga pour ado et enfants sont organis\u00e9s les mercredis apr\u00e8s-midi, d\u00e8s lors qu&#8217;il y a un groupe d&#8217;\u00e2ge d&#8217;au moins 4 enfants. Par contre, si vous d\u00e9sirez organiser un cours sp\u00e9cial pour un anniversaire avec un groupe d&#8217;enfants, \u00e7a sera un plaisir ! contactez moi pour en discuter. <\/strong><\/p>\n\n\n<div class=\"wp-block-image\">\n<figure class=\"aligncenter size-large is-resized\"><img loading=\"lazy\" decoding=\"async\" width=\"859\" height=\"718\" src=\"http:\/\/anandena.fr\/wp-content\/uploads\/2019\/11\/yoga-pour-enfants.png\" alt=\"\" class=\"wp-image-120\" style=\"width:595px;height:497px\" srcset=\"https:\/\/anandena.fr\/wp-content\/uploads\/2019\/11\/yoga-pour-enfants.png 859w, https:\/\/anandena.fr\/wp-content\/uploads\/2019\/11\/yoga-pour-enfants-300x251.png 300w, https:\/\/anandena.fr\/wp-content\/uploads\/2019\/11\/yoga-pour-enfants-768x642.png 768w, https:\/\/anandena.fr\/wp-content\/uploads\/2019\/11\/yoga-pour-enfants-830x694.png 830w, https:\/\/anandena.fr\/wp-content\/uploads\/2019\/11\/yoga-pour-enfants-230x192.png 230w, https:\/\/anandena.fr\/wp-content\/uploads\/2019\/11\/yoga-pour-enfants-350x293.png 350w, https:\/\/anandena.fr\/wp-content\/uploads\/2019\/11\/yoga-pour-enfants-480x401.png 480w\" sizes=\"auto, (max-width: 859px) 100vw, 859px\" \/><figcaption class=\"wp-element-caption\"><strong>yoga pour enfants<\/strong> <strong>et adolescents<\/strong>: ils apprendront dans la joie et la bonne humeur, avec des jeux, des postures, des exercices de respiration, de la m\u00e9ditation guid\u00e9e, sur des th\u00e8mes adapt\u00e9s \u00e0 leur \u00e2ge. Les s\u00e9ances durant entre 30 minutes et 1 heure, et sont organis\u00e9es par classe d\u2019\u00e2ge: de 2 ans et demi \u00e0 3 ans et demi (30 min); de 4 \u00e0 6 ans (45 min) et de 6 \u00e0 9 ans (1h). 10 et + et adolescents 1h \u00e9galement.<\/figcaption><\/figure>\n<\/div>\n\n\n<p class=\"has-very-light-gray-background-color has-background\"><strong>LE YOGA EN FAMILLE <\/strong><\/p>\n\n\n\n<p class=\"has-text-align-center has-black-color has-text-color has-small-font-size\"><strong>Si vous d\u00e9sirez un cours de yoga en famille, contactez moi pour discuter de l&#8217;horaire et du jour, les cours le week-end et durant les vacances sont les bienvenus. <\/strong><\/p>\n\n\n<div class=\"wp-block-image\">\n<figure class=\"aligncenter size-large is-resized\"><img loading=\"lazy\" decoding=\"async\" width=\"1024\" height=\"823\" src=\"https:\/\/anandena.fr\/wp-content\/uploads\/2025\/09\/yoga-en-famille--1024x823.jpg\" alt=\"\" class=\"wp-image-2302\" style=\"width:524px;height:524px\" srcset=\"https:\/\/anandena.fr\/wp-content\/uploads\/2025\/09\/yoga-en-famille--1024x823.jpg 1024w, https:\/\/anandena.fr\/wp-content\/uploads\/2025\/09\/yoga-en-famille--300x241.jpg 300w, https:\/\/anandena.fr\/wp-content\/uploads\/2025\/09\/yoga-en-famille--768x617.jpg 768w, https:\/\/anandena.fr\/wp-content\/uploads\/2025\/09\/yoga-en-famille--1536x1234.jpg 1536w, https:\/\/anandena.fr\/wp-content\/uploads\/2025\/09\/yoga-en-famille--830x667.jpg 830w, https:\/\/anandena.fr\/wp-content\/uploads\/2025\/09\/yoga-en-famille--230x185.jpg 230w, https:\/\/anandena.fr\/wp-content\/uploads\/2025\/09\/yoga-en-famille--350x281.jpg 350w, https:\/\/anandena.fr\/wp-content\/uploads\/2025\/09\/yoga-en-famille--480x386.jpg 480w, https:\/\/anandena.fr\/wp-content\/uploads\/2025\/09\/yoga-en-famille-.jpg 1710w\" sizes=\"auto, (max-width: 1024px) 100vw, 1024px\" \/><figcaption class=\"wp-element-caption\">Screenshot<\/figcaption><\/figure>\n<\/div>\n\n\n<p><\/p>\n\n\n\n<p><\/p>\n\n\n\n<p class=\"has-very-light-gray-background-color has-background\"><strong>LE YOGA DES YEUX, DU VISAGE ET DU RIRE<\/strong><\/p>\n\n\n\n<p><\/p>\n\n\n\n<p><strong>Yoga des yeux<\/strong>: il permet de r\u00e9duire les risques de migraine ophtalmique; soulager les fatigues oculaires; pr\u00e9venir la presbytie; retarder la baisse de la vision due \u00e0 l\u2019\u00e2ge; Le yoga des yeux est inclus dans les cours collectifs. <\/p>\n\n\n\n<p><strong>yoga du visage: <\/strong>il travaille essentiellement sur les diff\u00e9rentes parties du visage, mais aussi du cou, et de la t\u00eate, par le biais de mouvement de ces diff\u00e9rentes parties et d\u2019auto-massages agr\u00e9ables. Le yoga du visage est inclus dans les cours de 1h et 1h30. <\/p>\n\n\n\n<p><strong>yoga du rire: <\/strong>la th\u00e9rapie du rire combine des rires sans raison avec des respirations yogiques. Le yoga du rire peut \u00eatre inclus dans les cours collectifs.<\/p>\n\n\n\n<p><\/p>\n\n\n\n<p><\/p>\n\n\n\n<p><\/p>\n\n\n\n<p><\/p>\n\n\n\n<p><\/p>\n","protected":false},"excerpt":{"rendered":"<p>Attention, les tarifs changeront \u00e0 partir du 1er Janvier 2026&#8230;. d\u00e9sol\u00e9e! LES DIFFERENTS STYLES DE YOGA PROPOS\u00c9S AU STUDIO ANANDENA tous les cours collectifs sont affich\u00e9s ici, si vous voulez un cours priv\u00e9, un rendez Ayurvedique, un cours de yoga th\u00e9rapie, un cours de yoga th\u00e9rapie hormonale, un cours de yoga en famille, alors je [&hellip;]<\/p>\n","protected":false},"author":1,"featured_media":10,"parent":0,"menu_order":0,"comment_status":"closed","ping_status":"closed","template":"","meta":{"footnotes":""},"class_list":["post-14","page","type-page","status-publish","has-post-thumbnail","hentry"],"_links":{"self":[{"href":"https:\/\/anandena.fr\/index.php\/wp-json\/wp\/v2\/pages\/14","targetHints":{"allow":["GET"]}}],"collection":[{"href":"https:\/\/anandena.fr\/index.php\/wp-json\/wp\/v2\/pages"}],"about":[{"href":"https:\/\/anandena.fr\/index.php\/wp-json\/wp\/v2\/types\/page"}],"author":[{"embeddable":true,"href":"https:\/\/anandena.fr\/index.php\/wp-json\/wp\/v2\/users\/1"}],"replies":[{"embeddable":true,"href":"https:\/\/anandena.fr\/index.php\/wp-json\/wp\/v2\/comments?post=14"}],"version-history":[{"count":208,"href":"https:\/\/anandena.fr\/index.php\/wp-json\/wp\/v2\/pages\/14\/revisions"}],"predecessor-version":[{"id":2498,"href":"https:\/\/anandena.fr\/index.php\/wp-json\/wp\/v2\/pages\/14\/revisions\/2498"}],"wp:featuredmedia":[{"embeddable":true,"href":"https:\/\/anandena.fr\/index.php\/wp-json\/wp\/v2\/media\/10"}],"wp:attachment":[{"href":"https:\/\/anandena.fr\/index.php\/wp-json\/wp\/v2\/media?parent=14"}],"curies":[{"name":"wp","href":"https:\/\/api.w.org\/{rel}","templated":true}]}}